{"id":1723,"date":"2021-08-14T21:18:17","date_gmt":"2021-08-14T19:18:17","guid":{"rendered":"https:\/\/leboutiquehotelscollection.com\/lecole-hoteliere-de-la-cote-dazur\/"},"modified":"2023-04-19T10:21:35","modified_gmt":"2023-04-19T08:21:35","slug":"hotelfachschule-der-cote-dazur","status":"publish","type":"page","link":"https:\/\/leboutiquehotelscollection.com\/de\/hotelfachschule-der-cote-dazur\/","title":{"rendered":"Hotelfachschule der C\u00f4te d\u2018Azur, by EHL"},"content":{"rendered":"<div class=\"wpb-content-wrapper\">[vc_row full_width=&#8220;stretch_row&#8220; el_class=&#8220;bannier-top-image-big&#8220; css=&#8220;.vc_custom_1629384551477{background-image: url(https:\/\/leboutiquehotelscollection.com\/wp-content\/uploads\/2021\/08\/visuel-ecole-hotelier.jpg?id=679) !important;background-position: center !important;background-repeat: no-repeat !important;background-size: cover !important;}&#8220;][vc_column][\/vc_column][\/vc_row][vc_row el_class=&#8220;bannier-uptitle-title&#8220;][vc_column][vc_column_text text_align=&#8220;center&#8220;]\n<h1>Hotelfachschule der C\u00f4te d\u2018Azur, by EHL<\/h1>\n[\/vc_column_text][\/vc_column][\/vc_row][vc_row remove_bottom_col_margin=&#8220;true&#8220;][vc_column][vc_column_text el_class=&#8220;intro intro-top-page&#8220;]Die Hotelfachschule der C\u00f4te d\u2018Azur ist das Vorzeigeprojekt der \u201aLe Boutique Hotels Collection\u2018 f\u00fcr dieses Jahr 2025.[\/vc_column_text][\/vc_column][\/vc_row][vc_row el_id=&#8220;page-ecole-hoteliere-bannier-content&#8220;][vc_column css_animation=&#8220;left-to-right&#8220; width=&#8220;1\/2&#8243;][vc_single_image image=&#8220;676&#8243;][\/vc_column][vc_column css_animation=&#8220;right-to-left&#8220; width=&#8220;1\/2&#8243; css_animation_delay=&#8220;0.3&#8243;][vc_column_text]\n<blockquote><p>Niemals aufh\u00f6ren weiterzugeben<\/p><\/blockquote>\n<p>Aufgrund ihres umfassenden Know-Hows und der Feststellung, dass in der Hotelbranche ein Mangel an Ausbildung besteht, hat die Gruppe nun beschlossen, mit der Unterst\u00fctzung von wichtigen Akteuren wie der \u201a<strong>Ecole H\u00f4teli\u00e8re de Lausanne<\/strong>\u2018 die Entwicklung einer Hotelfachschule, der EHCA, in Angriff zu nehmen. Dort werden junge Talente gef\u00f6rdert, die neu in die Branche eintreten und das Potenzial haben, die k\u00fcnftigen F\u00fchrungskr\u00e4fte des Gastgewerbes zu werden.<\/p>\n<p>Mit dem Wunsch und dem Ehrgeiz eines innovativen Projekts wird dieses im Laufe des Jahres 2022 zum Leben erweckt werden.<\/p>\n<blockquote><p>Wir werden die Besten ausbilden, um die Wiederbelebung und Nachhaltigkeit der Dienstleistungsqualit\u00e4t in unserem Sektor, der Luxushotellerie, zu gew\u00e4hrleisten und die Werte der \u201aEcole H\u00f4teli\u00e8re de Lausanne\u2018 zu verk\u00f6rpern, die alle Generationen von Absolventinnen und Absolventen, vergangene und zuk\u00fcnftige, miteinander verbinden.<\/p><\/blockquote>\n<p><em>Bastien Deschamps \u2013 Pr\u00e4sident<\/em><\/p>\n<p><em>Christophe San Jos\u00e9 &#8211;\u00a0<\/em><i>Mitbegr\u00fcnder<\/i>[\/vc_column_text]<div class=\"vcex-image-grid-wrap\"><div class=\"vcex-module vcex-image-grid grid-style-default wpex-row wpex-clr\"><div class=\"id-1830 vcex-image-grid-entry vcex-grid-item wpex-text-center span_1_of_1 span_1_of_1_tl span_1_of_1_tp span_1_of_1_pl span_1_of_1_pp col col-1\"><figure class=\"vcex-image-grid-entry-figure wpex-last-mb-0 wpex-clr\"><div class=\"vcex-image-grid-entry-img entry-media wpex-relative wpex-mb-20\"><a href=\"mailto:contact@ehca.fr\" class=\"vcex-image-grid-entry-link\"><img width=\"1\" height=\"1\" src=\"https:\/\/leboutiquehotelscollection.com\/wp-content\/uploads\/2021\/08\/mail.svg\" class=\"wpex-align-middle\" alt=\"\" loading=\"lazy\" decoding=\"async\" \/><\/a><\/div><\/figure><\/div><\/div><\/div>[\/vc_column][\/vc_row][vc_row][vc_column css=&#8220;.vc_custom_1628968661048{margin-bottom: 0px !important;}&#8220;][vc_empty_space height=&#8220;60px&#8220;]<div class=\"templatera_shortcode\"><style type=\"text\/css\" data-type=\"vc_shortcodes-custom-css\">.vc_custom_1632728575936{margin-top: 30px !important;}<\/style><div class=\"vc_row wpb_row vc_row-fluid bannier-uptitle-title wpex-vc-full-width-row wpex-vc-full-width-row--no-padding wpex-relative\"><div class=\"wpb_column vc_column_container vc_col-sm-12\"><div class=\"vc_column-inner\"><div class=\"wpb_wrapper\">\n\t<div class=\"wpb_text_column wpb_content_element\" >\n\t\t<div class=\"wpb_wrapper\">\n\t\t\t<p>HOTELS - APPARTEMENTS - VILLEN<\/p>\n\n\t\t<\/div>\n\t<\/div>\n\n\t<div style=\"text-align:center;\" class=\"wpb_text_column wpb_content_element\" >\n\t\t<div class=\"wpb_wrapper\">\n\t\t\t<h2>Fotos<\/h2>\n\n\t\t<\/div>\n\t<\/div>\n<\/div><\/div><\/div><\/div><div id=\"template-bannier-galerie\" class=\"vc_row wpb_row vc_row-fluid wpex-vc-full-width-row wpex-vc-full-width-row--no-padding wpex-relative\"><div class=\"wpb_column vc_column_container vc_col-sm-12\"><div class=\"vc_column-inner\"><div class=\"wpb_wrapper\"><div class=\"theme-button-wrap textcenter wpex-clr\"><a href=\"https:\/\/leboutiquehotelscollection.com\/de\/fotos\/\" class=\"vcex-button theme-button align-center inline custom-button\"><span class=\"vcex-button-inner theme-button-inner wpex-flex wpex-flex-wrap wpex-items-center wpex-justify-center\">SIEHE DIE BILDER<\/span><\/a><\/div> \n\t<div  class=\"wpb_single_image wpb_content_element vc_align_center wpb_content_element vc_custom_1632728575936\">\n\t\t\n\t\t<figure class=\"wpb_wrapper vc_figure\">\n\t\t\t<div class=\"vc_single_image-wrapper   vc_box_border_grey\"><img width=\"1200\" height=\"739\" src=\"https:\/\/leboutiquehotelscollection.com\/wp-content\/uploads\/2021\/08\/boutique-hotel-collection-galerie-photos.jpg\" class=\"vc_single_image-img attachment-full\" alt=\"\" title=\"boutique-hotel-collection-galerie-photos\" srcset=\"https:\/\/leboutiquehotelscollection.com\/wp-content\/uploads\/2021\/08\/boutique-hotel-collection-galerie-photos.jpg 1200w, https:\/\/leboutiquehotelscollection.com\/wp-content\/uploads\/2021\/08\/boutique-hotel-collection-galerie-photos-300x185.jpg 300w, https:\/\/leboutiquehotelscollection.com\/wp-content\/uploads\/2021\/08\/boutique-hotel-collection-galerie-photos-1024x631.jpg 1024w, https:\/\/leboutiquehotelscollection.com\/wp-content\/uploads\/2021\/08\/boutique-hotel-collection-galerie-photos-768x473.jpg 768w\" sizes=\"(max-width: 1200px) 100vw, 1200px\" \/><\/div>\n\t\t<\/figure>\n\t<\/div>\n<\/div><\/div><\/div><\/div><\/div>[\/vc_column][\/vc_row]\n<\/div>","protected":false},"excerpt":{"rendered":"","protected":false},"author":1024,"featured_media":0,"parent":0,"menu_order":0,"comment_status":"closed","ping_status":"closed","template":"","meta":{"_acf_changed":false,"inline_featured_image":false,"footnotes":""},"class_list":["post-1723","page","type-page","status-publish","hentry","entry","no-media"],"acf":[],"yoast_head":"<!-- This site is optimized with the Yoast SEO plugin v27.1.1 - https:\/\/yoast.com\/product\/yoast-seo-wordpress\/ -->\n<title>Hotelfachschule der C\u00f4te d\u2018Azur, by EHL - Boutique H\u00f4tels Collection<\/title>\n<meta name=\"robots\" content=\"index, follow, max-snippet:-1, max-image-preview:large, max-video-preview:-1\" \/>\n<link rel=\"canonical\" href=\"https:\/\/leboutiquehotelscollection.com\/de\/hotelfachschule-der-cote-dazur\/\" \/>\n<meta property=\"og:locale\" content=\"de_DE\" \/>\n<meta property=\"og:type\" content=\"article\" \/>\n<meta property=\"og:title\" content=\"Hotelfachschule der C\u00f4te d\u2018Azur, by EHL - Boutique H\u00f4tels Collection\" \/>\n<meta property=\"og:url\" content=\"https:\/\/leboutiquehotelscollection.com\/de\/hotelfachschule-der-cote-dazur\/\" \/>\n<meta property=\"og:site_name\" content=\"Boutique H\u00f4tels Collection\" \/>\n<meta property=\"article:modified_time\" content=\"2023-04-19T08:21:35+00:00\" \/>\n<meta name=\"twitter:card\" content=\"summary_large_image\" \/>\n<meta name=\"twitter:label1\" content=\"Gesch\u00e4tzte Lesezeit\" \/>\n\t<meta name=\"twitter:data1\" content=\"1\u00a0Minute\" \/>\n<script type=\"application\/ld+json\" class=\"yoast-schema-graph\">{\"@context\":\"https:\/\/schema.org\",\"@graph\":[{\"@type\":\"WebPage\",\"@id\":\"https:\/\/leboutiquehotelscollection.com\/de\/hotelfachschule-der-cote-dazur\/\",\"url\":\"https:\/\/leboutiquehotelscollection.com\/de\/hotelfachschule-der-cote-dazur\/\",\"name\":\"Hotelfachschule der C\u00f4te d\u2018Azur, by EHL - Boutique H\u00f4tels Collection\",\"isPartOf\":{\"@id\":\"https:\/\/leboutiquehotelscollection.com\/#website\"},\"datePublished\":\"2021-08-14T19:18:17+00:00\",\"dateModified\":\"2023-04-19T08:21:35+00:00\",\"breadcrumb\":{\"@id\":\"https:\/\/leboutiquehotelscollection.com\/de\/hotelfachschule-der-cote-dazur\/#breadcrumb\"},\"inLanguage\":\"de\",\"potentialAction\":[{\"@type\":\"ReadAction\",\"target\":[\"https:\/\/leboutiquehotelscollection.com\/de\/hotelfachschule-der-cote-dazur\/\"]}]},{\"@type\":\"BreadcrumbList\",\"@id\":\"https:\/\/leboutiquehotelscollection.com\/de\/hotelfachschule-der-cote-dazur\/#breadcrumb\",\"itemListElement\":[{\"@type\":\"ListItem\",\"position\":1,\"name\":\"Accueil\",\"item\":\"https:\/\/leboutiquehotelscollection.com\/de\/\"},{\"@type\":\"ListItem\",\"position\":2,\"name\":\"Hotelfachschule der C\u00f4te d\u2018Azur, by EHL\"}]},{\"@type\":\"WebSite\",\"@id\":\"https:\/\/leboutiquehotelscollection.com\/#website\",\"url\":\"https:\/\/leboutiquehotelscollection.com\/\",\"name\":\"Boutique H\u00f4tels Collection\",\"description\":\"Exigez l&#039;exceptionnel\",\"publisher\":{\"@id\":\"https:\/\/leboutiquehotelscollection.com\/#organization\"},\"potentialAction\":[{\"@type\":\"SearchAction\",\"target\":{\"@type\":\"EntryPoint\",\"urlTemplate\":\"https:\/\/leboutiquehotelscollection.com\/?s={search_term_string}\"},\"query-input\":{\"@type\":\"PropertyValueSpecification\",\"valueRequired\":true,\"valueName\":\"search_term_string\"}}],\"inLanguage\":\"de\"},{\"@type\":\"Organization\",\"@id\":\"https:\/\/leboutiquehotelscollection.com\/#organization\",\"name\":\"Boutique H\u00f4tels Collection\",\"url\":\"https:\/\/leboutiquehotelscollection.com\/\",\"logo\":{\"@type\":\"ImageObject\",\"inLanguage\":\"de\",\"@id\":\"https:\/\/leboutiquehotelscollection.com\/#\/schema\/logo\/image\/\",\"url\":\"https:\/\/leboutiquehotelscollection.com\/wp-content\/uploads\/2021\/07\/boutique-hotels-collection-logo.svg\",\"contentUrl\":\"https:\/\/leboutiquehotelscollection.com\/wp-content\/uploads\/2021\/07\/boutique-hotels-collection-logo.svg\",\"caption\":\"Boutique H\u00f4tels Collection\"},\"image\":{\"@id\":\"https:\/\/leboutiquehotelscollection.com\/#\/schema\/logo\/image\/\"}}]}<\/script>\n<!-- \/ Yoast SEO plugin. -->","yoast_head_json":{"title":"Hotelfachschule der C\u00f4te d\u2018Azur, by EHL - Boutique H\u00f4tels Collection","robots":{"index":"index","follow":"follow","max-snippet":"max-snippet:-1","max-image-preview":"max-image-preview:large","max-video-preview":"max-video-preview:-1"},"canonical":"https:\/\/leboutiquehotelscollection.com\/de\/hotelfachschule-der-cote-dazur\/","og_locale":"de_DE","og_type":"article","og_title":"Hotelfachschule der C\u00f4te d\u2018Azur, by EHL - Boutique H\u00f4tels Collection","og_url":"https:\/\/leboutiquehotelscollection.com\/de\/hotelfachschule-der-cote-dazur\/","og_site_name":"Boutique H\u00f4tels Collection","article_modified_time":"2023-04-19T08:21:35+00:00","twitter_card":"summary_large_image","twitter_misc":{"Gesch\u00e4tzte Lesezeit":"1\u00a0Minute"},"schema":{"@context":"https:\/\/schema.org","@graph":[{"@type":"WebPage","@id":"https:\/\/leboutiquehotelscollection.com\/de\/hotelfachschule-der-cote-dazur\/","url":"https:\/\/leboutiquehotelscollection.com\/de\/hotelfachschule-der-cote-dazur\/","name":"Hotelfachschule der C\u00f4te d\u2018Azur, by EHL - Boutique H\u00f4tels Collection","isPartOf":{"@id":"https:\/\/leboutiquehotelscollection.com\/#website"},"datePublished":"2021-08-14T19:18:17+00:00","dateModified":"2023-04-19T08:21:35+00:00","breadcrumb":{"@id":"https:\/\/leboutiquehotelscollection.com\/de\/hotelfachschule-der-cote-dazur\/#breadcrumb"},"inLanguage":"de","potentialAction":[{"@type":"ReadAction","target":["https:\/\/leboutiquehotelscollection.com\/de\/hotelfachschule-der-cote-dazur\/"]}]},{"@type":"BreadcrumbList","@id":"https:\/\/leboutiquehotelscollection.com\/de\/hotelfachschule-der-cote-dazur\/#breadcrumb","itemListElement":[{"@type":"ListItem","position":1,"name":"Accueil","item":"https:\/\/leboutiquehotelscollection.com\/de\/"},{"@type":"ListItem","position":2,"name":"Hotelfachschule der C\u00f4te d\u2018Azur, by EHL"}]},{"@type":"WebSite","@id":"https:\/\/leboutiquehotelscollection.com\/#website","url":"https:\/\/leboutiquehotelscollection.com\/","name":"Boutique H\u00f4tels Collection","description":"Exigez l&#039;exceptionnel","publisher":{"@id":"https:\/\/leboutiquehotelscollection.com\/#organization"},"potentialAction":[{"@type":"SearchAction","target":{"@type":"EntryPoint","urlTemplate":"https:\/\/leboutiquehotelscollection.com\/?s={search_term_string}"},"query-input":{"@type":"PropertyValueSpecification","valueRequired":true,"valueName":"search_term_string"}}],"inLanguage":"de"},{"@type":"Organization","@id":"https:\/\/leboutiquehotelscollection.com\/#organization","name":"Boutique H\u00f4tels Collection","url":"https:\/\/leboutiquehotelscollection.com\/","logo":{"@type":"ImageObject","inLanguage":"de","@id":"https:\/\/leboutiquehotelscollection.com\/#\/schema\/logo\/image\/","url":"https:\/\/leboutiquehotelscollection.com\/wp-content\/uploads\/2021\/07\/boutique-hotels-collection-logo.svg","contentUrl":"https:\/\/leboutiquehotelscollection.com\/wp-content\/uploads\/2021\/07\/boutique-hotels-collection-logo.svg","caption":"Boutique H\u00f4tels Collection"},"image":{"@id":"https:\/\/leboutiquehotelscollection.com\/#\/schema\/logo\/image\/"}}]}},"_links":{"self":[{"href":"https:\/\/leboutiquehotelscollection.com\/de\/wp-json\/wp\/v2\/pages\/1723","targetHints":{"allow":["GET"]}}],"collection":[{"href":"https:\/\/leboutiquehotelscollection.com\/de\/wp-json\/wp\/v2\/pages"}],"about":[{"href":"https:\/\/leboutiquehotelscollection.com\/de\/wp-json\/wp\/v2\/types\/page"}],"author":[{"embeddable":true,"href":"https:\/\/leboutiquehotelscollection.com\/de\/wp-json\/wp\/v2\/users\/1024"}],"replies":[{"embeddable":true,"href":"https:\/\/leboutiquehotelscollection.com\/de\/wp-json\/wp\/v2\/comments?post=1723"}],"version-history":[{"count":5,"href":"https:\/\/leboutiquehotelscollection.com\/de\/wp-json\/wp\/v2\/pages\/1723\/revisions"}],"predecessor-version":[{"id":3277,"href":"https:\/\/leboutiquehotelscollection.com\/de\/wp-json\/wp\/v2\/pages\/1723\/revisions\/3277"}],"wp:attachment":[{"href":"https:\/\/leboutiquehotelscollection.com\/de\/wp-json\/wp\/v2\/media?parent=1723"}],"curies":[{"name":"wp","href":"https:\/\/api.w.org\/{rel}","templated":true}]}}